{"id":34171,"date":"2018-10-11T13:29:45","date_gmt":"2018-10-11T11:29:45","guid":{"rendered":"https:\/\/aniro.pl\/about-us\/csr\/"},"modified":"2025-03-13T14:36:14","modified_gmt":"2025-03-13T13:36:14","slug":"csr","status":"publish","type":"page","link":"https:\/\/aniro.pl\/en\/about-us\/csr\/","title":{"rendered":"CSR"},"content":{"rendered":"<div class=\"wpb-content-wrapper\"><p>[vc_row el_class=&#8221;product-box&#8221;][vc_column][vc_column_text el_class=&#8221;product-title&#8221;]<\/p>\n<h2>CSR w ANIRO<\/h2>\n<p>[\/vc_column_text][vc_column_text el_class=&#8221;product-description&#8221;]Spo\u0142eczna odpowiedzialno\u015b\u0107 biznesu (ang. Corporate Social Responsibility \u2013 CSR) wpisuje si\u0119 w strategi\u0119 ANIRO. To wa\u017cny obszar dzia\u0142alno\u015bci \u015bwiadomej firmy, kt\u00f3ra dziel\u0105c si\u0119 swoj\u0105 wiedz\u0105 i zasobami przyczynia si\u0119 do rozwoju spo\u0142ecze\u0144stwa.<\/p>\n<p>Wiele naszych dzia\u0142a\u0144 z obszaru CSR kierowanych jest do lokalnej spo\u0142eczno\u015bci z wielu grup spo\u0142ecznych, co umo\u017cliwia realizacj\u0119 cel\u00f3w spo\u0142ecznych nie do osi\u0105gni\u0119cia bez wsparcia ze strony biznesu.<\/p>\n<p>CSR to tak\u017ce projekty skierowane do pracownik\u00f3w umo\u017cliwiaj\u0105ce podniesienie kwalifikacji zawodowych, zapewnienie prywatnej opieki medycznej oraz podnosz\u0105ce kultur\u0119 i bezpiecze\u0144stwo w pracy.<\/p>\n<p>ANIRO jako \u015bwiadoma firma realizuje projekty CSR z zakresu:[\/vc_column_text][\/vc_column][\/vc_row][vc_row][vc_column][vc_row_inner][vc_column_inner width=&#8221;1\/2&#8243;][\/vc_column_inner][vc_column_inner width=&#8221;1\/2&#8243;][vc_column_text el_class=&#8221;product-title&#8221;]<\/p>\n<h2>Edukacja<\/h2>\n<p>[\/vc_column_text][\/vc_column_inner][\/vc_row_inner][vc_row_inner][vc_column_inner width=&#8221;1\/2&#8243;][vc_column_text]<img loading=\"lazy\" decoding=\"async\" class=\"alignnone size-full wp-image-3853\" src=\"https:\/\/aniro.pl\/wp-content\/uploads\/2018\/10\/csr_2.png\" alt=\"\" width=\"469\" height=\"284\" srcset=\"https:\/\/aniro.pl\/wp-content\/uploads\/2018\/10\/csr_2.png 469w, https:\/\/aniro.pl\/wp-content\/uploads\/2018\/10\/csr_2-300x182.png 300w\" sizes=\"auto, (max-width: 469px) 100vw, 469px\" \/>[\/vc_column_text][vc_empty_space][vc_column_text css=&#8221;&#8221;]<img loading=\"lazy\" decoding=\"async\" class=\"alignnone wp-image-37291\" src=\"https:\/\/aniro.pl\/wp-content\/uploads\/2025\/03\/patron-225x300.jpg\" alt=\"\" width=\"424\" height=\"566\" srcset=\"https:\/\/aniro.pl\/wp-content\/uploads\/2025\/03\/patron-225x300.jpg 225w, https:\/\/aniro.pl\/wp-content\/uploads\/2025\/03\/patron-768x1024.jpg 768w, https:\/\/aniro.pl\/wp-content\/uploads\/2025\/03\/patron-1152x1536.jpg 1152w, https:\/\/aniro.pl\/wp-content\/uploads\/2025\/03\/patron.jpg 1536w\" sizes=\"auto, (max-width: 424px) 100vw, 424px\" \/>[\/vc_column_text][\/vc_column_inner][vc_column_inner width=&#8221;1\/2&#8243;][vc_column_text css=&#8221;&#8221; el_class=&#8221;product-description&#8221;]Zesp\u00f3\u0142 Szk\u00f3\u0142 Mechanicznych Elektrycznych i Elektronicznych im. prof. Sylwestra Kaliskiego w Toruniu to dla nas miejsce szczeg\u00f3lne. Nie tylko dlatego, \u017ce wielu pracownik\u00f3w ANIRO jest absolwentami tej szko\u0142y, ale r\u00f3wnie\u017c ze wzgl\u0119du na nasze d\u0142ugoletnie zaanga\u017cowanie w rozw\u00f3j edukacji technicznej i wsparcie m\u0142odych talent\u00f3w.<\/p>\n<p>Od wielu lat wsp\u00f3\u0142pracujemy z ZSMEiE, anga\u017cuj\u0105c si\u0119 w liczne projekty edukacyjne. Doposa\u017camy szko\u0142\u0119 w nowoczesne urz\u0105dzenia z zakresu automatyki przemys\u0142owej, a nasi specjali\u015bci ch\u0119tnie dziel\u0105 si\u0119 wiedz\u0105 podczas zaj\u0119\u0107 prowadzonych w naszej pracowni. Umo\u017cliwiamy uczniom zdobycie dodatkowych uprawnie\u0144 zawodowych, co stanowi istotny element ich przysz\u0142ej kariery.<\/p>\n<p>Jeste\u015bmy obecni podczas wa\u017cnych wydarze\u0144 szkolnych, takich jak dni otwarte, targi pracy czy uroczyste zako\u0144czenia roku szkolnego. Ka\u017cdego roku uczestniczymy w Festiwalu Talent\u00f3w Technicznych \u00b5Elektra, wyst\u0119puj\u0105c w roli sponsora. To wydarzenie, organizowane od ponad dw\u00f3ch dekad, stanowi doskona\u0142\u0105 platform\u0119 dla m\u0142odych konstruktor\u00f3w, kt\u00f3rzy prezentuj\u0105 swoje innowacyjne projekty.<\/p>\n<p>Wsp\u00f3\u0142pracujemy r\u00f3wnie\u017c z klas\u0105 patronack\u0105 o profilu technik automatyk w ZSMEiE. W ramach tej wsp\u00f3\u0142pracy nasi pracownicy, prowadz\u0105 zaj\u0119cia z Automatyki Przemys\u0142owej, a tak\u017ce wspieraj\u0105 uczni\u00f3w w przygotowaniach do konkurs\u00f3w i olimpiad. W 2024 roku ucze\u0144 klasy patronackiej, Krzysztof Pliszka, zdoby\u0142 tytu\u0142 laureata olimpiady in\u017cynierskiej zorganizowanej przez Politechnik\u0119 Gda\u0144sk\u0105. Jego projekt dotyczy\u0142 automatyzacji pomiaru lepko\u015bci oleju silnikowego metod\u0105 Stokesa, co jest doskona\u0142ym przyk\u0142adem praktycznego zastosowania wiedzy zdobytej podczas nauki.<\/p>\n<p>Ponadto, wsparli\u015bmy r\u00f3wnie\u017c Toru\u0144ski Festiwal Zawod\u00f3w \u2013 Targi Pracy, podczas kt\u00f3rego uczniowie szk\u00f3\u0142 podstawowych i \u015brednich mieli okazj\u0119 zapozna\u0107 si\u0119 z ofert\u0105 lokalnych firm, w tym ANIRO. To cykliczne wydarzenie, organizowane od 2010 roku, stanowi wa\u017cne miejsce spotka\u0144 m\u0142odych ludzi z potencjalnymi pracodawcami i instytucjami zwi\u0105zanymi z rynkiem pracy.<\/p>\n<p>Ka\u017cdego roku grupa uczni\u00f3w ZSMEiE odbywa praktyki zawodowe pod okiem naszych specjalist\u00f3w, a dla najlepszych absolwent\u00f3w przygotowujemy oferty pracy w ANIRO. Wierzymy, \u017ce inwestycja w edukacj\u0119 i rozw\u00f3j m\u0142odych talent\u00f3w to klucz do budowania przysz\u0142o\u015bci pe\u0142nej innowacji i sukces\u00f3w. Dla nas wspieranie m\u0142odych ludzi to nie tylko obowi\u0105zek, ale tak\u017ce przywilej, kt\u00f3ry realizujemy z ogromn\u0105 satysfakcj\u0105.<\/p>\n<p><strong><a href=\"http:\/\/www.zsmeie.torun.pl\" target=\"_blank\" rel=\"noopener\">Strona ZSMEIE<\/a><\/strong>[\/vc_column_text][\/vc_column_inner][\/vc_row_inner][vc_row_inner][vc_column_inner width=&#8221;1\/2&#8243;][\/vc_column_inner][vc_column_inner width=&#8221;1\/2&#8243;][vc_column_text el_class=&#8221;product-title&#8221;]<\/p>\n<h2>Sport<\/h2>\n<p>[\/vc_column_text][\/vc_column_inner][\/vc_row_inner][vc_row_inner][vc_column_inner width=&#8221;1\/2&#8243;][vc_column_text css=&#8221;&#8221;]<img loading=\"lazy\" decoding=\"async\" class=\"alignnone wp-image-37184\" src=\"https:\/\/aniro.pl\/wp-content\/uploads\/2025\/03\/DSC_7708-300x200.jpg\" alt=\"\" width=\"466\" height=\"311\" srcset=\"https:\/\/aniro.pl\/wp-content\/uploads\/2025\/03\/DSC_7708-300x200.jpg 300w, https:\/\/aniro.pl\/wp-content\/uploads\/2025\/03\/DSC_7708-1024x683.jpg 1024w, https:\/\/aniro.pl\/wp-content\/uploads\/2025\/03\/DSC_7708-768x512.jpg 768w, https:\/\/aniro.pl\/wp-content\/uploads\/2025\/03\/DSC_7708-1536x1024.jpg 1536w, https:\/\/aniro.pl\/wp-content\/uploads\/2025\/03\/DSC_7708-2048x1365.jpg 2048w\" sizes=\"auto, (max-width: 466px) 100vw, 466px\" \/><\/p>\n<p>[\/vc_column_text][\/vc_column_inner][vc_column_inner width=&#8221;1\/2&#8243;][vc_column_text css=&#8221;&#8221; el_class=&#8221;product-title&#8221;]<\/p>\n<p data-start=\"254\" data-end=\"545\">Sport i aktywno\u015b\u0107 fizyczna odgrywaj\u0105 kluczow\u0105 rol\u0119 w \u017cyciu ka\u017cdego cz\u0142owieka, dlatego ANIRO z dum\u0105 wspiera sport, ze szczeg\u00f3lnym naciskiem na lokalne toru\u0144skie dru\u017cyny. Od lat jeste\u015bmy sponsorem koszykarskiej dru\u017cyny Twarde Pierniki Toru\u0144, kt\u00f3ra odnosi liczne sukcesy na arenie krajowej.<\/p>\n<p data-start=\"547\" data-end=\"599\">Najwi\u0119ksze osi\u0105gni\u0119cia Twardych Piernik\u00f3w Toru\u0144:<\/p>\n<p data-start=\"600\" data-end=\"628\">\ud83c\udfc6 <strong data-start=\"603\" data-end=\"626\">Mistrzostwa Polski:<\/strong><\/p>\n<ul data-start=\"629\" data-end=\"717\">\n<li data-start=\"629\" data-end=\"674\">\ud83e\udd48 Wicemistrz Polski (2x): <strong data-start=\"658\" data-end=\"672\">2017, 2019<\/strong><\/li>\n<li data-start=\"675\" data-end=\"717\">\ud83e\udd49 Br\u0105zowy medalista MP (1x): <strong data-start=\"707\" data-end=\"715\">2018<\/strong><\/li>\n<\/ul>\n<p data-start=\"719\" data-end=\"742\">\ud83c\udfc6 <strong data-start=\"722\" data-end=\"740\">Puchar Polski:<\/strong><\/p>\n<ul data-start=\"743\" data-end=\"806\">\n<li data-start=\"743\" data-end=\"774\">\ud83c\udfc6 Zwyci\u0119zca (1x): <strong data-start=\"764\" data-end=\"772\">2018<\/strong><\/li>\n<li data-start=\"775\" data-end=\"806\">\ud83e\udd48 Finalista (1x): <strong data-start=\"796\" data-end=\"804\">2020<\/strong><\/li>\n<\/ul>\n<p data-start=\"808\" data-end=\"836\">\ud83c\udfc6 <strong data-start=\"811\" data-end=\"834\">Superpuchar Polski:<\/strong><\/p>\n<ul data-start=\"837\" data-end=\"868\">\n<li data-start=\"837\" data-end=\"868\">\ud83c\udfc6 Zwyci\u0119zca (1x): <strong data-start=\"858\" data-end=\"866\">2018<\/strong><\/li>\n<\/ul>\n<p data-start=\"870\" data-end=\"945\">Wi\u0119cej informacji na: <a href=\"http:\/\/www.twardepierniki.pl\" target=\"_new\" rel=\"noopener\" data-start=\"892\" data-end=\"945\">www.twardepierniki.pl<\/a><\/p>\n<p>[\/vc_column_text][\/vc_column_inner][\/vc_row_inner][vc_row_inner][vc_column_inner width=&#8221;1\/2&#8243;][vc_column_text css=&#8221;&#8221;]<img loading=\"lazy\" decoding=\"async\" class=\"alignnone wp-image-37193\" src=\"https:\/\/aniro.pl\/wp-content\/uploads\/2025\/03\/DSC_7989-300x200.jpg\" alt=\"\" width=\"467\" height=\"311\" srcset=\"https:\/\/aniro.pl\/wp-content\/uploads\/2025\/03\/DSC_7989-300x200.jpg 300w, https:\/\/aniro.pl\/wp-content\/uploads\/2025\/03\/DSC_7989-1024x682.jpg 1024w, https:\/\/aniro.pl\/wp-content\/uploads\/2025\/03\/DSC_7989-768x511.jpg 768w, https:\/\/aniro.pl\/wp-content\/uploads\/2025\/03\/DSC_7989-1536x1023.jpg 1536w, https:\/\/aniro.pl\/wp-content\/uploads\/2025\/03\/DSC_7989-2048x1364.jpg 2048w\" sizes=\"auto, (max-width: 467px) 100vw, 467px\" \/><\/p>\n<p>[\/vc_column_text][\/vc_column_inner][vc_column_inner width=&#8221;1\/2&#8243;][vc_column_text css=&#8221;&#8221; el_class=&#8221;product-title&#8221;]<\/p>\n<p data-start=\"137\" data-end=\"417\">Hokej na lodzie to kolejna dyscyplina, kt\u00f3r\u0105 ANIRO z dum\u0105 wspiera. Toru\u0144ska tradycja hokejowa si\u0119ga ponad stu lat, a my jeste\u015bmy cz\u0119\u015bci\u0105 tej historii jako sponsor dru\u017cyny KH Energa Toru\u0144. Z pe\u0142nym zaanga\u017cowaniem wspieramy hokeist\u00f3w i kibicujemy im w walce o kolejne sukcesy.<\/p>\n<p data-start=\"419\" data-end=\"464\">Najwi\u0119ksze osi\u0105gni\u0119cia KH Energa Toru\u0144:<\/p>\n<p data-start=\"465\" data-end=\"493\">\ud83c\udfc6 <strong data-start=\"468\" data-end=\"491\">Mistrzostwa Polski:<\/strong><\/p>\n<ul data-start=\"494\" data-end=\"600\">\n<li data-start=\"494\" data-end=\"533\">\ud83e\udd48 Wicemistrz Polski (1x): <strong data-start=\"523\" data-end=\"531\">1968<\/strong><\/li>\n<li data-start=\"534\" data-end=\"600\">\ud83e\udd49 Br\u0105zowy medalista MP (5x): <strong data-start=\"566\" data-end=\"598\">1928, 1950, 1967, 1969, 1996<\/strong><\/li>\n<\/ul>\n<p data-start=\"602\" data-end=\"625\">\ud83c\udfc6 <strong data-start=\"605\" data-end=\"623\">Puchar Polski:<\/strong><\/p>\n<ul data-start=\"626\" data-end=\"695\">\n<li data-start=\"626\" data-end=\"657\">\ud83c\udfc6 Zwyci\u0119zca (1x): <strong data-start=\"647\" data-end=\"655\">2005<\/strong><\/li>\n<li data-start=\"658\" data-end=\"695\">\ud83e\udd48 Finalista (2x): <strong data-start=\"679\" data-end=\"693\">2003, 2021<\/strong><\/li>\n<\/ul>\n<p data-start=\"697\" data-end=\"713\">\ud83c\udfc6 <strong data-start=\"700\" data-end=\"711\">I liga:<\/strong><\/p>\n<ul data-start=\"714\" data-end=\"779\">\n<li data-start=\"714\" data-end=\"779\">\ud83c\udfc6 Mistrz I ligi (6x): <strong data-start=\"739\" data-end=\"777\">1959, 1965, 1988, 2002, 2011, 2018<\/strong><\/li>\n<\/ul>\n<p data-start=\"781\" data-end=\"843\">\ud83c\udfc6 <strong data-start=\"784\" data-end=\"841\">Mistrzostwa Polski Junior\u00f3w (Pomorzanin, MKS Soko\u0142y):<\/strong><\/p>\n<ul data-start=\"844\" data-end=\"1061\">\n<li data-start=\"844\" data-end=\"894\">\ud83c\udfc6 Mistrz Polski Junior\u00f3w (2x): <strong data-start=\"878\" data-end=\"892\">1957, 2012<\/strong><\/li>\n<li data-start=\"895\" data-end=\"973\">\ud83e\udd48 Wicemistrz Polski Junior\u00f3w (6x): <strong data-start=\"933\" data-end=\"971\">1954, 1955, 1958, 1965, 1971, 2010<\/strong><\/li>\n<li data-start=\"974\" data-end=\"1061\">\ud83e\udd49 Br\u0105zowy medalista MP Junior\u00f3w (7x): <strong data-start=\"1015\" data-end=\"1059\">1959, 1961, 1968, 1972, 2013, 2014, 2015<\/strong><\/li>\n<\/ul>\n<p data-start=\"1063\" data-end=\"1138\">Wi\u0119cej informacji na: <a href=\"http:\/\/www.torunskihokej.pl\" target=\"_new\" rel=\"noopener\" data-start=\"1085\" data-end=\"1136\">www.torunskihokej.pl<\/a><\/p>\n<p>[\/vc_column_text][\/vc_column_inner][\/vc_row_inner][vc_row_inner][vc_column_inner width=&#8221;1\/2&#8243;][vc_column_text css=&#8221;&#8221;]<img loading=\"lazy\" decoding=\"async\" class=\"alignnone wp-image-24781\" src=\"https:\/\/aniro.pl\/wp-content\/uploads\/2022\/02\/sport-300x200.jpg\" alt=\"\" width=\"467\" height=\"311\" srcset=\"https:\/\/aniro.pl\/wp-content\/uploads\/2022\/02\/sport-300x200.jpg 300w, https:\/\/aniro.pl\/wp-content\/uploads\/2022\/02\/sport-768x512.jpg 768w, https:\/\/aniro.pl\/wp-content\/uploads\/2022\/02\/sport.jpg 810w\" sizes=\"auto, (max-width: 467px) 100vw, 467px\" \/><\/p>\n<p>[\/vc_column_text][vc_empty_space][vc_column_text css=&#8221;&#8221;]<img loading=\"lazy\" decoding=\"async\" class=\"alignnone wp-image-37282\" src=\"https:\/\/aniro.pl\/wp-content\/uploads\/2025\/03\/sport-300x200.jpg\" alt=\"\" width=\"467\" height=\"312\" srcset=\"https:\/\/aniro.pl\/wp-content\/uploads\/2025\/03\/sport-300x200.jpg 300w, https:\/\/aniro.pl\/wp-content\/uploads\/2025\/03\/sport-1024x683.jpg 1024w, https:\/\/aniro.pl\/wp-content\/uploads\/2025\/03\/sport-768x512.jpg 768w, https:\/\/aniro.pl\/wp-content\/uploads\/2025\/03\/sport-1536x1024.jpg 1536w, https:\/\/aniro.pl\/wp-content\/uploads\/2025\/03\/sport.jpg 2048w\" sizes=\"auto, (max-width: 467px) 100vw, 467px\" \/>[\/vc_column_text][\/vc_column_inner][vc_column_inner width=&#8221;1\/2&#8243;][vc_column_text css=&#8221;&#8221; el_class=&#8221;product-title&#8221;]<\/p>\n<p data-start=\"77\" data-end=\"213\">ANIRO z dum\u0105 wspiera lekkoatletyk\u0119, pe\u0142ni\u0105c rol\u0119 Z\u0142otego Sponsora w presti\u017cowych wydarzeniach sportowych odbywaj\u0105cych si\u0119 w Toruniu.<\/p>\n<p data-start=\"215\" data-end=\"281\"><strong>8. Halowe Mistrzostwa \u015awiata w Lekkiej Atletyce Masters (2019)<\/strong><\/p>\n<p data-start=\"282\" data-end=\"439\"><span class=\"relative -mx-px my-[-0.2rem] rounded px-px py-[0.2rem]\">W marcu 2019 roku Toru\u0144 go\u015bci\u0142 8. Halowe Mistrzostwa \u015awiata w Lekkiej Atletyce Masters, uznane za najlepsze w historii pod wzgl\u0119dem liczby uczestnik\u00f3w.<\/span> <span class=\"relative -mx-px my-[-0.2rem] rounded px-px py-[0.2rem]\">ANIRO mia\u0142o zaszczyt by\u0107 Z\u0142otym Sponsorem tego mi\u0119dzynarodowego wydarzenia, wspieraj\u0105c rywalizacj\u0119 sportowc\u00f3w z ca\u0142ego \u015bwiata.<\/span>\u200b<\/p>\n<p data-start=\"441\" data-end=\"508\"><strong>31. Halowe Mistrzostwa Polski w Lekkiej Atletyce Masters (2022)<\/strong><\/p>\n<p data-start=\"509\" data-end=\"590\"><span class=\"relative -mx-px my-[-0.2rem] rounded px-px py-[0.2rem]\">W 2022 roku ANIRO pe\u0142ni\u0142o rol\u0119 Z\u0142otego Sponsora podczas 31. Halowych Mistrzostw Polski w Lekkiej Atletyce Masters, wspieraj\u0105c krajowych lekkoatlet\u00f3w w ich sportowych zmaganiach.<\/span>\u200b<\/p>\n<p data-start=\"592\" data-end=\"659\"><strong>32. Halowe Mistrzostwa Polski w Lekkiej Atletyce Masters (2023)<\/strong><\/p>\n<p data-start=\"660\" data-end=\"857\"><span class=\"relative -mx-px my-[-0.2rem] rounded px-px py-[0.2rem]\">4 marca 2023 roku odby\u0142y si\u0119 32. Halowe Mistrzostwa Polski w Lekkiej Atletyce Masters, po\u0142\u0105czone z 6. Halowymi Mistrzostwami Polski Lekarzy.<\/span> <span class=\"relative -mx-px my-[-0.2rem] rounded px-px py-[0.2rem]\">W wydarzeniu uczestniczy\u0142o ponad 500 zawodnik\u00f3w, w tym wielokrotni medali\u015bci z Polski, Europy i \u015bwiata.<\/span> <span class=\"relative -mx-px my-[-0.2rem] rounded px-px py-[0.2rem]\">ANIRO ponownie wspar\u0142o to wydarzenie jako sponsor.<\/span><\/p>\n<p data-start=\"859\" data-end=\"925\"><strong>9. Halowe Mistrzostwa \u015awiata w Lekkiej Atletyce Masters (2023)<\/strong><\/p>\n<p data-start=\"926\" data-end=\"1091\"><span class=\"relative -mx-px my-[-0.2rem] rounded px-px py-[0.2rem]\">W marcu 2023 roku Toru\u0144 ponownie sta\u0142 si\u0119 aren\u0105 mi\u0119dzynarodowych zmaga\u0144, goszcz\u0105c ponad 4000 zawodnik\u00f3w z 88 kraj\u00f3w podczas 9. Halowych Mistrzostw \u015awiata w Lekkiej Atletyce Masters.<\/span> <span class=\"relative -mx-px my-[-0.2rem] rounded px-px py-[0.2rem]\">ANIRO mia\u0142o przyjemno\u015b\u0107 wspiera\u0107 to wydarzenie jako sponsor, przyczyniaj\u0105c si\u0119 do sukcesu imprezy.<\/span><\/p>\n<p><strong>Toru\u0144ska Triada (2023 i 2024)<\/strong><\/p>\n<p>W latach 2023 i 2024 ANIRO wyst\u0105pi\u0142o w roli sponsora Toru\u0144skiej Triady Kopernika\u0144skiej. W 2024 roku odby\u0142a si\u0119 Toru\u0144ska Triada 100-Lecia Bieg\u00f3w Marato\u0144skich w Polsce. Cieszymy si\u0119, \u017ce mogli\u015bmy by\u0107 cz\u0119\u015bci\u0105 tego wa\u017cnego wydarzenia!<\/p>\n<p><strong>Run Toru\u0144<\/strong><br \/>\nRun Toru\u0144, najwi\u0119ksza impreza biegowa w regionie. ANIRO od lat wspiera to wydarzenie, promuj\u0105c zdrowy styl \u017cycia i aktywno\u015b\u0107 fizyczn\u0105. Aktywnie uczestniczymy w ca\u0142ym cyklu, wspieraj\u0105c biegaczy i promuj\u0105c warto\u015bci bliskie naszej firmie, a tak\u017ce stajemy na starcie (i mecie!) kolejnych wydarze\u0144 biegowych organizowanych w ramach Run Toru\u0144.[\/vc_column_text][\/vc_column_inner][\/vc_row_inner][vc_row_inner][vc_column_inner width=&#8221;1\/2&#8243;][\/vc_column_inner][vc_column_inner width=&#8221;1\/2&#8243;][vc_column_text css=&#8221;&#8221; el_class=&#8221;product-title&#8221;]<\/p>\n<h2>Kultura<\/h2>\n<p>[\/vc_column_text][\/vc_column_inner][\/vc_row_inner][vc_row_inner][vc_column_inner width=&#8221;1\/2&#8243;][vc_column_text css=&#8221;&#8221;]<img loading=\"lazy\" decoding=\"async\" class=\"alignnone size-full wp-image-3845\" src=\"https:\/\/aniro.pl\/wp-content\/uploads\/2018\/10\/csr.png\" alt=\"\" width=\"470\" height=\"282\" srcset=\"https:\/\/aniro.pl\/wp-content\/uploads\/2018\/10\/csr.png 470w, https:\/\/aniro.pl\/wp-content\/uploads\/2018\/10\/csr-300x180.png 300w\" sizes=\"auto, (max-width: 470px) 100vw, 470px\" \/><\/p>\n<p>[\/vc_column_text][\/vc_column_inner][vc_column_inner width=&#8221;1\/2&#8243;][vc_column_text css=&#8221;&#8221; el_class=&#8221;product-description&#8221;]Ch\u0119tnie anga\u017cujemy si\u0119 w lokalne inicjatywy kulturalne oraz spo\u0142eczne, umo\u017cliwiaj\u0105c ich realizacj\u0119 i swobodny dost\u0119p do kultury.\u00a0Wsp\u00f3\u0142pracujemy z Teatrem im. Wilama Horzycy w Toruniu, sponsoruj\u0105c nie tylko wybrane przedstawienia, ale tak\u017ce wspieraj\u0105c wa\u017cne wydarzenia, takie jak gala wr\u0119czenia nagr\u00f3d Wilam\u00f3w. W 2024 roku mieli\u015bmy zaszczyt sponsorowa\u0107 nagrod\u0119 dla Najpopularniejszej Aktorki, kt\u00f3r\u0105 otrzyma\u0142a Joanna Rozkosz. To wyr\u00f3\u017cnienie jest dla nas szczeg\u00f3lnym dowodem zaanga\u017cowania w rozw\u00f3j kultury i sztuki w regionie.<\/p>\n<p>ANIRO nie zapomina tak\u017ce o dzieciach \u2013 co roku jeste\u015bmy obecni na festynie z okazji Dnia Dziecka \u2013 Michayland, wydarzeniu z wieloletni\u0105 tradycj\u0105. Wspieramy r\u00f3wnie\u017c Teatr Muzyczny w Toruniu, sponsoruj\u0105c wybrane przedstawienia, kt\u00f3re ciesz\u0105 si\u0119 ogromnym zainteresowaniem publiczno\u015bci.<\/p>\n<p>Wierzymy, \u017ce kultura i sztuka s\u0105 nieod\u0142\u0105cznym elementem rozwoju spo\u0142eczno\u015bci, dlatego z dum\u0105 wspieramy te inicjatywy, kt\u00f3re tworz\u0105 niezapomniane chwile na scenie i poza ni\u0105.<\/p>\n<p><a href=\"http:\/\/www.teatr.torun.pl\/\" target=\"_blank\" rel=\"noopener noreferrer\">www.teatr.torun.pl<\/a><br \/>\n<a href=\"http:\/\/www.teatrmuzyczny.torun.pl\/\" target=\"_blank\" rel=\"noopener noreferrer\">www.teatrmuzyczny.torun.pl<\/a><br \/>\n<a href=\"http:\/\/www.oratorium.torun.pl\/\" target=\"_blank\" rel=\"noopener noreferrer\">www.oratorium.torun.pl<\/a>[\/vc_column_text][\/vc_column_inner][\/vc_row_inner][vc_row_inner][vc_column_inner width=&#8221;1\/2&#8243;][\/vc_column_inner][vc_column_inner width=&#8221;1\/2&#8243;][vc_column_text css=&#8221;&#8221; el_class=&#8221;product-title&#8221;]<\/p>\n<h2>Dzia\u0142ania Spo\u0142eczne \u2013 ANIRO dla lokalnej spo\u0142eczno\u015bci<\/h2>\n<p>[\/vc_column_text][\/vc_column_inner][\/vc_row_inner][vc_row_inner][vc_column_inner width=&#8221;1\/2&#8243;][vc_column_text css=&#8221;&#8221;]<img loading=\"lazy\" decoding=\"async\" class=\"alignnone size-medium wp-image-37267\" src=\"https:\/\/aniro.pl\/wp-content\/uploads\/2025\/03\/ANIRO-sponsorem-programu-zapobiegania-uzaleznieniom-300x225.jpg\" alt=\"\" width=\"467\" height=\"311\" \/><\/p>\n<p>[\/vc_column_text][vc_empty_space][vc_column_text css=&#8221;&#8221;]<img loading=\"lazy\" decoding=\"async\" class=\"alignnone wp-image-37299\" src=\"https:\/\/aniro.pl\/wp-content\/uploads\/2025\/03\/schronisko-300x300.jpg\" alt=\"\" width=\"465\" height=\"465\" srcset=\"https:\/\/aniro.pl\/wp-content\/uploads\/2025\/03\/schronisko-300x300.jpg 300w, https:\/\/aniro.pl\/wp-content\/uploads\/2025\/03\/schronisko-150x150.jpg 150w, https:\/\/aniro.pl\/wp-content\/uploads\/2025\/03\/schronisko-768x768.jpg 768w, https:\/\/aniro.pl\/wp-content\/uploads\/2025\/03\/schronisko.jpg 1010w\" sizes=\"auto, (max-width: 465px) 100vw, 465px\" \/>[\/vc_column_text][\/vc_column_inner][vc_column_inner width=&#8221;1\/2&#8243;][vc_column_text css=&#8221;&#8221; el_class=&#8221;product-title&#8221;]<\/p>\n<div class=\"dad65929\">\n<div class=\"f9bf7997 d7dc56a8 c05b5566\">\n<div class=\"ds-markdown ds-markdown--block\">\n<p>W ANIRO wierzymy, \u017ce odpowiedzialno\u015b\u0107 biznesowa to nie tylko sukcesy na rynku, ale tak\u017ce realny wp\u0142yw na otoczenie. Dlatego z pe\u0142nym zaanga\u017cowaniem wspieramy inicjatywy spo\u0142eczne, kt\u00f3re pomagaj\u0105 budowa\u0107 lepsz\u0105 przysz\u0142o\u015b\u0107.<\/p>\n<p>Jednym z kluczowych projekt\u00f3w, w kt\u00f3re w\u0142\u0105czyli si\u0119 nasi pracownicy-wolontariusze, jest program zapobiegania uzale\u017cnieniom. Wspieramy dzia\u0142ania edukacyjne i profilaktyczne, kt\u00f3re zwi\u0119kszaj\u0105 \u015bwiadomo\u015b\u0107 m\u0142odych ludzi na temat zagro\u017ce\u0144 zwi\u0105zanych z uzale\u017cnieniami. Dzi\u0119ki wsp\u00f3\u0142pracy z ekspertami i organizacjami spo\u0142ecznymi pomagamy szerzy\u0107 wiedz\u0119 oraz wspiera\u0107 tych, kt\u00f3rzy potrzebuj\u0105 pomocy.<\/p>\n<p>Spo\u0142eczna odpowiedzialno\u015b\u0107 to dla nas nie tylko jednorazowe akcje, ale d\u0142ugofalowe zaanga\u017cowanie. Nasi pracownicy aktywnie uczestnicz\u0105 w projektach wolontariackich, pomagaj\u0105c lokalnym instytucjom, plac\u00f3wkom edukacyjnym i organizacjom charytatywnym.<\/p>\n<p>W grudniu 2023 roku, jako firma, w\u0142\u0105czyli\u015bmy si\u0119 w organizacj\u0119 Wyj\u0105tkowego Wieczoru Wigilijnego dla podopiecznych Oratorium im. ks. Bronis\u0142awa Markiewicza w Toruniu.\u00a0 Nasi przedstawiciele zasiedli przy wigilijnym stole razem z dzie\u0107mi, ich wychowawcami oraz zaproszonymi go\u015b\u0107mi. Wsp\u00f3lnie \u0142amali\u015bmy si\u0119 op\u0142atkiem, \u015bpiewali\u015bmy kol\u0119dy i podziwiali\u015bmy jase\u0142ka przygotowane przez dzieci. Dla ANIRO to nie tylko okazja do wsparcia finansowego, ale tak\u017ce mo\u017cliwo\u015b\u0107 budowania relacji i pokazania, \u017ce razem mo\u017cemy tworzy\u0107 warto\u015bciowe inicjatywy dla lokalnej spo\u0142eczno\u015bci.<\/p>\n<p>Kolejnym wa\u017cnym dzia\u0142aniem, w kt\u00f3re si\u0119 anga\u017cujemy, jest wsparcie Schroniska dla Zwierz\u0105t w Toruniu. W ramach akcji \u201eDobra Karma od MUST\u201d, zebrali\u015bmy niezb\u0119dne artyku\u0142y dla podopiecznych schroniska \u2013 mokr\u0105 i such\u0105 karm\u0119, koce, r\u0119czniki, zabawki oraz \u015brodki czysto\u015bci. Dzi\u0119ki zaanga\u017cowaniu naszych pracownik\u00f3w uda\u0142o si\u0119 realnie pom\u00f3c zwierz\u0119tom, kt\u00f3re potrzebuj\u0105 wsparcia, szczeg\u00f3lnie w okresie zimowym.<\/p>\n<p>Wsp\u00f3lnie mo\u017cemy wi\u0119cej \u2013 dlatego nieustannie d\u0105\u017cymy do tego, by nasze dzia\u0142ania mia\u0142y realny wp\u0142yw na \u017cycie spo\u0142eczno\u015bci, w kt\u00f3rej funkcjonujemy. Poprzez wsp\u00f3\u0142prac\u0119 z organizacjami takimi jak Oratorium czy Schronisko dla Zwierz\u0105t, a tak\u017ce poprzez akcje edukacyjne i wolontariat, staramy si\u0119 budowa\u0107 lepsze jutro dla wszystkich.<\/p>\n<\/div>\n<\/div>\n<\/div>\n<div class=\"e886deb9\">\n<div class=\"e214291b\"><\/div>\n<\/div>\n<p>[\/vc_column_text][\/vc_column_inner][\/vc_row_inner][vc_row_inner][vc_column_inner width=&#8221;1\/2&#8243;][\/vc_column_inner][vc_column_inner width=&#8221;1\/2&#8243;][vc_column_text css=&#8221;&#8221; el_class=&#8221;product-title&#8221;]<\/p>\n<h2>Aktywni z ANIRO \u2013 sportowa pasja naszych pracownik\u00f3w<\/h2>\n<p>[\/vc_column_text][\/vc_column_inner][\/vc_row_inner][vc_row_inner][vc_column_inner width=&#8221;1\/2&#8243;][vc_column_text css=&#8221;&#8221;]<img loading=\"lazy\" decoding=\"async\" class=\"alignnone wp-image-37259 size-large\" src=\"https:\/\/aniro.pl\/wp-content\/uploads\/2025\/03\/ANIRO-Sport-Team-1024x683.jpg\" alt=\"\" width=\"467\" height=\"311\" srcset=\"https:\/\/aniro.pl\/wp-content\/uploads\/2025\/03\/ANIRO-Sport-Team-1024x683.jpg 1024w, https:\/\/aniro.pl\/wp-content\/uploads\/2025\/03\/ANIRO-Sport-Team-300x200.jpg 300w, https:\/\/aniro.pl\/wp-content\/uploads\/2025\/03\/ANIRO-Sport-Team-768x512.jpg 768w, https:\/\/aniro.pl\/wp-content\/uploads\/2025\/03\/ANIRO-Sport-Team-1536x1024.jpg 1536w, https:\/\/aniro.pl\/wp-content\/uploads\/2025\/03\/ANIRO-Sport-Team.jpg 2048w\" sizes=\"auto, (max-width: 467px) 100vw, 467px\" \/><\/p>\n<p>[\/vc_column_text][\/vc_column_inner][vc_column_inner width=&#8221;1\/2&#8243;][vc_column_text css=&#8221;&#8221; el_class=&#8221;product-title&#8221;]<\/p>\n<p data-start=\"85\" data-end=\"529\">Pracownicy ANIRO nie tylko kibicuj\u0105 sportowcom, ale sami aktywnie uczestnicz\u0105 w r\u00f3\u017cnych dyscyplinach sportowych. Doskona\u0142ym tego przyk\u0142adem jest grupa biegaczy \u2013 ANIRO Sport Team. Dru\u017cyna regularnie bierze udzia\u0142 w zawodach biegowych na r\u00f3\u017cnych dystansach w ca\u0142ej Polsce, a tak\u017ce poza jej granicami. Warto podkre\u015bli\u0107, \u017ce sportowe tradycje w ANIRO si\u0119gaj\u0105 wcze\u015bniejszych lat, kiedy to pracownicy organizowali si\u0119 w grupy rowerowe oraz rolkowe.<\/p>\n<p data-start=\"531\" data-end=\"997\">Nasze zaanga\u017cowanie w promowanie aktywnego stylu \u017cycia nie ko\u0144czy si\u0119 na uczestnictwie w zawodach. ANIRO aktywnie wspiera lokalne inicjatywy sportowe, b\u0119d\u0105c sponsorem takich wydarze\u0144 jak Toru\u0144ska Triada Kopernika\u0144ska 2023. To unikalne wyzwanie biegowe, sk\u0142adaj\u0105ce si\u0119 z trzech imprez: &#8220;5-tka z Kopernikiem&#8221; (19 lutego 2023), &#8220;RUN TORU\u0143 \u2013 Zwiedzaj ze Zdrowiem!&#8221; (14 maja 2023), &#8220;40. Toru\u0144 Maraton&#8221; (22 pa\u017adziernika 2023) oraz Legendarna Pi\u0105tka (8 marca 2025).<\/p>\n<p>[\/vc_column_text][\/vc_column_inner][\/vc_row_inner][vc_row_inner][vc_column_inner width=&#8221;1\/2&#8243;][vc_column_text css=&#8221;&#8221;]<img loading=\"lazy\" decoding=\"async\" class=\"alignnone size-medium wp-image-37263\" src=\"https:\/\/aniro.pl\/wp-content\/uploads\/2025\/03\/ANIRO-Robinsonada-Kujawsko-Pomorska-300x200.jpg\" alt=\"\" width=\"467\" height=\"311\" srcset=\"https:\/\/aniro.pl\/wp-content\/uploads\/2025\/03\/ANIRO-Robinsonada-Kujawsko-Pomorska-300x200.jpg 300w, https:\/\/aniro.pl\/wp-content\/uploads\/2025\/03\/ANIRO-Robinsonada-Kujawsko-Pomorska-1024x683.jpg 1024w, https:\/\/aniro.pl\/wp-content\/uploads\/2025\/03\/ANIRO-Robinsonada-Kujawsko-Pomorska-768x512.jpg 768w, https:\/\/aniro.pl\/wp-content\/uploads\/2025\/03\/ANIRO-Robinsonada-Kujawsko-Pomorska-1536x1024.jpg 1536w, https:\/\/aniro.pl\/wp-content\/uploads\/2025\/03\/ANIRO-Robinsonada-Kujawsko-Pomorska.jpg 2048w\" sizes=\"auto, (max-width: 467px) 100vw, 467px\" \/><\/p>\n<p>[\/vc_column_text][\/vc_column_inner][vc_column_inner width=&#8221;1\/2&#8243;][vc_column_text css=&#8221;&#8221; el_class=&#8221;product-title&#8221;]<\/p>\n<p data-start=\"112\" data-end=\"363\">Sportowa pasja ANIRO to nie tylko bieganie \u2013 nasi pracownicy r\u00f3wnie ch\u0119tnie wsiadaj\u0105 na rowery, podejmuj\u0105c kolejne wyzwania. W 2024 roku mieli okazj\u0119 zmierzy\u0107 si\u0119 z wyj\u0105tkow\u0105 tras\u0105 podczas Kujawsko-Pomorskiej Robinsonady, pokonuj\u0105c a\u017c 90 km!<\/p>\n<p data-start=\"365\" data-end=\"742\">To niezwyk\u0142a przygoda rowerowa, kt\u00f3ra prowadzi przez malownicze zak\u0105tki wojew\u00f3dztwa kujawsko-pomorskiego. Trasa wymaga\u0142a wytrzyma\u0142o\u015bci, determinacji i zespo\u0142owej wsp\u00f3\u0142pracy, a nasi pracownicy udowodnili, \u017ce sportowy duch ANIRO jest niez\u0142omny. Robinsonada to nie tylko rywalizacja, ale tak\u017ce okazja do odkrywania urok\u00f3w regionu i sp\u0119dzania aktywnie czasu na \u015bwie\u017cym powietrzu.<\/p>\n<p data-start=\"744\" data-end=\"1025\">W ANIRO wierzymy, \u017ce sport \u0142\u0105czy ludzi i wzmacnia ducha zespo\u0142owego. Dlatego ch\u0119tnie anga\u017cujemy si\u0119 w inicjatywy promuj\u0105ce zdrowy tryb \u017cycia i aktywno\u015b\u0107 fizyczn\u0105. 90 km na trasie Kujawsko-Pomorskiej Robinsonady to dla nas dopiero pocz\u0105tek \u2013 kolejne rowerowe wyzwania czekaj\u0105!<\/p>\n<p data-start=\"1027\" data-end=\"1076\">\ud83d\udeb4\u200d\u2642\ufe0f Nie zwalniamy tempa \u2013 jedziemy dalej!<\/p>\n<p>[\/vc_column_text][\/vc_column_inner][\/vc_row_inner][\/vc_column][\/vc_row]<\/p>\n<\/div>","protected":false},"excerpt":{"rendered":"<p>[vc_row el_class=&#8221;product-box&#8221;][vc_column][vc_column_text el_class=&#8221;product-title&#8221;] CSR w ANIRO [\/vc_column_text][vc_column_text el_class=&#8221;product-description&#8221;]Spo\u0142eczna odpowiedzialno\u015b\u0107 biznesu (ang. Corporate Social Responsibility \u2013 CSR) wpisuje si\u0119 w strategi\u0119 ANIRO. To wa\u017cny obszar dzia\u0142alno\u015bci \u015bwiadomej firmy, kt\u00f3ra dziel\u0105c si\u0119 swoj\u0105 wiedz\u0105 i zasobami przyczynia si\u0119 do rozwoju spo\u0142ecze\u0144stwa. Wiele naszych dzia\u0142a\u0144 z obszaru CSR kierowanych jest do lokalnej spo\u0142eczno\u015bci z wielu grup spo\u0142ecznych, co [&hellip;]<\/p>\n","protected":false},"author":3,"featured_media":0,"parent":4898,"menu_order":0,"comment_status":"closed","ping_status":"closed","template":"","meta":{"_acf_changed":false,"footnotes":""},"class_list":["post-34171","page","type-page","status-publish","hentry"],"acf":[],"yoast_head":"<!-- This site is optimized with the Yoast SEO plugin v27.4 - https:\/\/yoast.com\/product\/yoast-seo-wordpress\/ -->\n<title>CSR - Aniro<\/title>\n<meta name=\"robots\" content=\"index, follow, max-snippet:-1, max-image-preview:large, max-video-preview:-1\" \/>\n<link rel=\"canonical\" href=\"https:\/\/aniro.pl\/en\/about-us\/csr\/\" \/>\n<meta property=\"og:locale\" content=\"en_US\" \/>\n<meta property=\"og:type\" content=\"article\" \/>\n<meta property=\"og:title\" content=\"CSR - Aniro\" \/>\n<meta property=\"og:description\" content=\"[vc_row el_class=&#8221;product-box&#8221;][vc_column][vc_column_text el_class=&#8221;product-title&#8221;] CSR w ANIRO [\/vc_column_text][vc_column_text el_class=&#8221;product-description&#8221;]Spo\u0142eczna odpowiedzialno\u015b\u0107 biznesu (ang. Corporate Social Responsibility \u2013 CSR) wpisuje si\u0119 w strategi\u0119 ANIRO. To wa\u017cny obszar dzia\u0142alno\u015bci \u015bwiadomej firmy, kt\u00f3ra dziel\u0105c si\u0119 swoj\u0105 wiedz\u0105 i zasobami przyczynia si\u0119 do rozwoju spo\u0142ecze\u0144stwa. Wiele naszych dzia\u0142a\u0144 z obszaru CSR kierowanych jest do lokalnej spo\u0142eczno\u015bci z wielu grup spo\u0142ecznych, co [&hellip;]\" \/>\n<meta property=\"og:url\" content=\"https:\/\/aniro.pl\/en\/about-us\/csr\/\" \/>\n<meta property=\"og:site_name\" content=\"Aniro\" \/>\n<meta property=\"article:modified_time\" content=\"2025-03-13T13:36:14+00:00\" \/>\n<meta property=\"og:image\" content=\"https:\/\/aniro.pl\/wp-content\/uploads\/2018\/10\/csr_2.png\" \/>\n\t<meta property=\"og:image:width\" content=\"469\" \/>\n\t<meta property=\"og:image:height\" content=\"284\" \/>\n\t<meta property=\"og:image:type\" content=\"image\/png\" \/>\n<meta name=\"twitter:card\" content=\"summary_large_image\" \/>\n<meta name=\"twitter:label1\" content=\"Est. reading time\" \/>\n\t<meta name=\"twitter:data1\" content=\"12 minutes\" \/>\n<script type=\"application\/ld+json\" class=\"yoast-schema-graph\">{\"@context\":\"https:\\\/\\\/schema.org\",\"@graph\":[{\"@type\":\"WebPage\",\"@id\":\"https:\\\/\\\/aniro.pl\\\/en\\\/about-us\\\/csr\\\/\",\"url\":\"https:\\\/\\\/aniro.pl\\\/en\\\/about-us\\\/csr\\\/\",\"name\":\"CSR - Aniro\",\"isPartOf\":{\"@id\":\"https:\\\/\\\/aniro.pl\\\/#website\"},\"primaryImageOfPage\":{\"@id\":\"https:\\\/\\\/aniro.pl\\\/en\\\/about-us\\\/csr\\\/#primaryimage\"},\"image\":{\"@id\":\"https:\\\/\\\/aniro.pl\\\/en\\\/about-us\\\/csr\\\/#primaryimage\"},\"thumbnailUrl\":\"https:\\\/\\\/aniro.pl\\\/wp-content\\\/uploads\\\/2018\\\/10\\\/csr_2.png\",\"datePublished\":\"2018-10-11T11:29:45+00:00\",\"dateModified\":\"2025-03-13T13:36:14+00:00\",\"breadcrumb\":{\"@id\":\"https:\\\/\\\/aniro.pl\\\/en\\\/about-us\\\/csr\\\/#breadcrumb\"},\"inLanguage\":\"en-US\",\"potentialAction\":[{\"@type\":\"ReadAction\",\"target\":[\"https:\\\/\\\/aniro.pl\\\/en\\\/about-us\\\/csr\\\/\"]}]},{\"@type\":\"ImageObject\",\"inLanguage\":\"en-US\",\"@id\":\"https:\\\/\\\/aniro.pl\\\/en\\\/about-us\\\/csr\\\/#primaryimage\",\"url\":\"https:\\\/\\\/aniro.pl\\\/wp-content\\\/uploads\\\/2018\\\/10\\\/csr_2.png\",\"contentUrl\":\"https:\\\/\\\/aniro.pl\\\/wp-content\\\/uploads\\\/2018\\\/10\\\/csr_2.png\"},{\"@type\":\"BreadcrumbList\",\"@id\":\"https:\\\/\\\/aniro.pl\\\/en\\\/about-us\\\/csr\\\/#breadcrumb\",\"itemListElement\":[{\"@type\":\"ListItem\",\"position\":1,\"name\":\"Strona g\u0142\u00f3wna\",\"item\":\"https:\\\/\\\/aniro.pl\\\/en\\\/\"},{\"@type\":\"ListItem\",\"position\":2,\"name\":\"About us\",\"item\":\"https:\\\/\\\/aniro.pl\\\/o-nas\\\/\"},{\"@type\":\"ListItem\",\"position\":3,\"name\":\"CSR\"}]},{\"@type\":\"WebSite\",\"@id\":\"https:\\\/\\\/aniro.pl\\\/#website\",\"url\":\"https:\\\/\\\/aniro.pl\\\/\",\"name\":\"Aniro\",\"description\":\"\",\"publisher\":{\"@id\":\"https:\\\/\\\/aniro.pl\\\/#organization\"},\"potentialAction\":[{\"@type\":\"SearchAction\",\"target\":{\"@type\":\"EntryPoint\",\"urlTemplate\":\"https:\\\/\\\/aniro.pl\\\/?s={search_term_string}\"},\"query-input\":{\"@type\":\"PropertyValueSpecification\",\"valueRequired\":true,\"valueName\":\"search_term_string\"}}],\"inLanguage\":\"en-US\"},{\"@type\":\"Organization\",\"@id\":\"https:\\\/\\\/aniro.pl\\\/#organization\",\"name\":\"Aniro\",\"url\":\"https:\\\/\\\/aniro.pl\\\/\",\"logo\":{\"@type\":\"ImageObject\",\"inLanguage\":\"en-US\",\"@id\":\"https:\\\/\\\/aniro.pl\\\/#\\\/schema\\\/logo\\\/image\\\/\",\"url\":\"https:\\\/\\\/aniro.pl\\\/wp-content\\\/uploads\\\/2024\\\/09\\\/favicon-32x32-2.png\",\"contentUrl\":\"https:\\\/\\\/aniro.pl\\\/wp-content\\\/uploads\\\/2024\\\/09\\\/favicon-32x32-2.png\",\"width\":32,\"height\":32,\"caption\":\"Aniro\"},\"image\":{\"@id\":\"https:\\\/\\\/aniro.pl\\\/#\\\/schema\\\/logo\\\/image\\\/\"}}]}<\/script>\n<!-- \/ Yoast SEO plugin. -->","yoast_head_json":{"title":"CSR - Aniro","robots":{"index":"index","follow":"follow","max-snippet":"max-snippet:-1","max-image-preview":"max-image-preview:large","max-video-preview":"max-video-preview:-1"},"canonical":"https:\/\/aniro.pl\/en\/about-us\/csr\/","og_locale":"en_US","og_type":"article","og_title":"CSR - Aniro","og_description":"[vc_row el_class=&#8221;product-box&#8221;][vc_column][vc_column_text el_class=&#8221;product-title&#8221;] CSR w ANIRO [\/vc_column_text][vc_column_text el_class=&#8221;product-description&#8221;]Spo\u0142eczna odpowiedzialno\u015b\u0107 biznesu (ang. Corporate Social Responsibility \u2013 CSR) wpisuje si\u0119 w strategi\u0119 ANIRO. To wa\u017cny obszar dzia\u0142alno\u015bci \u015bwiadomej firmy, kt\u00f3ra dziel\u0105c si\u0119 swoj\u0105 wiedz\u0105 i zasobami przyczynia si\u0119 do rozwoju spo\u0142ecze\u0144stwa. Wiele naszych dzia\u0142a\u0144 z obszaru CSR kierowanych jest do lokalnej spo\u0142eczno\u015bci z wielu grup spo\u0142ecznych, co [&hellip;]","og_url":"https:\/\/aniro.pl\/en\/about-us\/csr\/","og_site_name":"Aniro","article_modified_time":"2025-03-13T13:36:14+00:00","og_image":[{"width":469,"height":284,"url":"https:\/\/aniro.pl\/wp-content\/uploads\/2018\/10\/csr_2.png","type":"image\/png"}],"twitter_card":"summary_large_image","twitter_misc":{"Est. reading time":"12 minutes"},"schema":{"@context":"https:\/\/schema.org","@graph":[{"@type":"WebPage","@id":"https:\/\/aniro.pl\/en\/about-us\/csr\/","url":"https:\/\/aniro.pl\/en\/about-us\/csr\/","name":"CSR - Aniro","isPartOf":{"@id":"https:\/\/aniro.pl\/#website"},"primaryImageOfPage":{"@id":"https:\/\/aniro.pl\/en\/about-us\/csr\/#primaryimage"},"image":{"@id":"https:\/\/aniro.pl\/en\/about-us\/csr\/#primaryimage"},"thumbnailUrl":"https:\/\/aniro.pl\/wp-content\/uploads\/2018\/10\/csr_2.png","datePublished":"2018-10-11T11:29:45+00:00","dateModified":"2025-03-13T13:36:14+00:00","breadcrumb":{"@id":"https:\/\/aniro.pl\/en\/about-us\/csr\/#breadcrumb"},"inLanguage":"en-US","potentialAction":[{"@type":"ReadAction","target":["https:\/\/aniro.pl\/en\/about-us\/csr\/"]}]},{"@type":"ImageObject","inLanguage":"en-US","@id":"https:\/\/aniro.pl\/en\/about-us\/csr\/#primaryimage","url":"https:\/\/aniro.pl\/wp-content\/uploads\/2018\/10\/csr_2.png","contentUrl":"https:\/\/aniro.pl\/wp-content\/uploads\/2018\/10\/csr_2.png"},{"@type":"BreadcrumbList","@id":"https:\/\/aniro.pl\/en\/about-us\/csr\/#breadcrumb","itemListElement":[{"@type":"ListItem","position":1,"name":"Strona g\u0142\u00f3wna","item":"https:\/\/aniro.pl\/en\/"},{"@type":"ListItem","position":2,"name":"About us","item":"https:\/\/aniro.pl\/o-nas\/"},{"@type":"ListItem","position":3,"name":"CSR"}]},{"@type":"WebSite","@id":"https:\/\/aniro.pl\/#website","url":"https:\/\/aniro.pl\/","name":"Aniro","description":"","publisher":{"@id":"https:\/\/aniro.pl\/#organization"},"potentialAction":[{"@type":"SearchAction","target":{"@type":"EntryPoint","urlTemplate":"https:\/\/aniro.pl\/?s={search_term_string}"},"query-input":{"@type":"PropertyValueSpecification","valueRequired":true,"valueName":"search_term_string"}}],"inLanguage":"en-US"},{"@type":"Organization","@id":"https:\/\/aniro.pl\/#organization","name":"Aniro","url":"https:\/\/aniro.pl\/","logo":{"@type":"ImageObject","inLanguage":"en-US","@id":"https:\/\/aniro.pl\/#\/schema\/logo\/image\/","url":"https:\/\/aniro.pl\/wp-content\/uploads\/2024\/09\/favicon-32x32-2.png","contentUrl":"https:\/\/aniro.pl\/wp-content\/uploads\/2024\/09\/favicon-32x32-2.png","width":32,"height":32,"caption":"Aniro"},"image":{"@id":"https:\/\/aniro.pl\/#\/schema\/logo\/image\/"}}]}},"_links":{"self":[{"href":"https:\/\/aniro.pl\/en\/wp-json\/wp\/v2\/pages\/34171","targetHints":{"allow":["GET"]}}],"collection":[{"href":"https:\/\/aniro.pl\/en\/wp-json\/wp\/v2\/pages"}],"about":[{"href":"https:\/\/aniro.pl\/en\/wp-json\/wp\/v2\/types\/page"}],"author":[{"embeddable":true,"href":"https:\/\/aniro.pl\/en\/wp-json\/wp\/v2\/users\/3"}],"replies":[{"embeddable":true,"href":"https:\/\/aniro.pl\/en\/wp-json\/wp\/v2\/comments?post=34171"}],"version-history":[{"count":20,"href":"https:\/\/aniro.pl\/en\/wp-json\/wp\/v2\/pages\/34171\/revisions"}],"predecessor-version":[{"id":37305,"href":"https:\/\/aniro.pl\/en\/wp-json\/wp\/v2\/pages\/34171\/revisions\/37305"}],"up":[{"embeddable":true,"href":"https:\/\/aniro.pl\/en\/wp-json\/wp\/v2\/pages\/4898"}],"wp:attachment":[{"href":"https:\/\/aniro.pl\/en\/wp-json\/wp\/v2\/media?parent=34171"}],"curies":[{"name":"wp","href":"https:\/\/api.w.org\/{rel}","templated":true}]}}